{"id":13,"date":"2018-01-30T12:03:08","date_gmt":"2018-01-30T10:03:08","guid":{"rendered":"http:\/\/oblati.benediktini.sk\/?page_id=13"},"modified":"2026-03-12T10:16:35","modified_gmt":"2026-03-12T08:16:35","slug":"plan-stretnuti","status":"publish","type":"page","link":"https:\/\/oblati.benediktini.sk\/?page_id=13","title":{"rendered":"Pl\u00e1n stretnut\u00ed"},"content":{"rendered":"<h2>Pl\u00e1n forma\u010dn\u00fdch stretnut\u00ed oblat\u00fary pre rok 2026<\/h2>\n<p>\u2023\u00a0\u00a0\u00a0 Pravidelne\u00a0 sa budeme v roku 2026 \u00a0 stret\u00e1va\u0165, zv\u00e4\u010d\u0161a raz za mesiac.<\/p>\n<p>\u2023\u00a0\u00a0\u00a0 Organiz\u00e1cia d\u0148a sl\u00fa\u017ei pre poriadok a teda pokoju uprostred n\u00e1s.<\/p>\n<p><strong>Program d\u0148a:<\/strong><\/p>\n<p>8.30\u00a0 \u00a0\u00a0\u00a0\u00a0\u00a0\u00a0\u00a0\u00a0\u00a0\u00a0\u00a0\u00a0\u00a0\u00a0\u00a0\u00a0\u00a0\u00a0 \u00a0 \u00a0 \u00a0 <span style=\"color: #ff0000;\"><strong>Ora<\/strong><\/span> za nepr\u00edtomn\u00fdch obl\u00e1tov a <span style=\"color: #ff9900;\"><strong>\u201cna\u0161u cestu\u201d<\/strong> <\/span>spolo\u010denstva<\/p>\n<p>9.00\u00a0 &#8211; \u00a0 12.00\u00a0\u00a0\u00a0\u00a0\u00a0\u00a0\u00a0 Spolo\u010dn\u00e9 <span style=\"color: #0000ff;\"><strong>labora<\/strong><\/span><\/p>\n<p>12.20 &#8211; 12.55\u00a0\u00a0\u00a0\u00a0\u00a0\u00a0\u00a0\u00a0 <span style=\"color: #ff0000;\"><strong>Ora<\/strong> <\/span>Posv\u00e4tn\u00e9 \u010d\u00edtanie<\/p>\n<p>13.00 &#8211; 13.30\u00a0\u00a0\u00a0\u00a0\u00a0\u00a0\u00a0\u00a0\u00a0 Obed<\/p>\n<p>13.30 &#8211; 14.25\u00a0\u00a0\u00a0\u00a0\u00a0\u00a0\u00a0\u00a0\u00a0 Odpo\u010dinok <span style=\"color: #666699;\">&#8211;<strong> mo\u017enos\u0165 duch. rozh., alebo sviat. zmierenia<\/strong><\/span><\/p>\n<p>14.30\u00a0\u00a0\u00a0\u00a0\u00a0\u00a0\u00a0\u00a0\u00a0\u00a0\u00a0\u00a0\u00a0\u00a0\u00a0\u00a0\u00a0\u00a0\u00a0\u00a0\u00a0\u00a0\u00a0\u00a0\u00a0 <span style=\"color: #ff0000;\"><strong>Ora<\/strong><\/span> Modlitba d\u0148a<\/p>\n<p>14.40 &#8211; 15.40\u00a0\u00a0\u00a0\u00a0\u00a0\u00a0\u00a0\u00a0\u00a0 Konferencia <strong>l<\/strong><span style=\"color: #0000ff;\"><strong>abora<\/strong><\/span><\/p>\n<p>15.45 &#8211; 16.45\u00a0\u00a0\u00a0\u00a0\u00a0\u00a0\u00a0\u00a0\u00a0<span style=\"color: #ff9900;\"><strong> Eucharistick\u00e1 ador\u00e1cia<\/strong><\/span> <span style=\"color: #666699;\"><strong>&#8211; mo\u017enos\u0165 duch. rozh., alebo &#8230;<\/strong><\/span><\/p>\n<p>17.00\u00a0\u00a0\u00a0\u00a0\u00a0\u00a0 \u00a0\u00a0\u00a0\u00a0\u00a0\u00a0\u00a0\u00a0\u00a0\u00a0\u00a0\u00a0\u00a0\u00a0\u00a0\u00a0\u00a0<span style=\"color: #ff0000;\"><strong> Ora<\/strong> <\/span>Ve\u0161pery, po nich udelenie Eucharistie a rozl\u00fa\u010dka<\/p>\n<p><strong>Zodpovednos\u0165 v slu\u017eb\u00e1ch:<\/strong><\/p>\n<p>\u2023\u00a0 koordin\u00e1tor\u00a0 \u00a0 \u00a0 Dominika Minka<\/p>\n<p>\u2023\u00a0 ekon\u00f3m\u00a0 \u00a0 \u00a0 \u00a0 \u00a0 \u00a0 \u00a0 Miriam Faglicov\u00e1<\/p>\n<p>\u2023\u00a0 knihovn\u00edk\u00a0 \u00a0 \u00a0 \u00a0 \u00a0 \u00a0Ani\u010dka Drugov\u00e1<\/p>\n<p>\u2023\u00a0 kronik\u00e1r\u00a0 \u00a0 \u00a0 \u00a0 \u00a0 \u00a0 \u00a0 Miro a Lenka Jozefiakovci<\/p>\n<p>\u2023\u00a0 moder\u00e1tor\u00a0 \u00a0 \u00a0 \u00a0 \u00a0br, Jakub Kalinski<\/p>\n<p>\u2023\u00a0 asistent\u00a0 \u00a0 \u00a0 \u00a0 \u00a0 \u00a0 \u00a0 \u00a0br. Svorad\u00a0 \u00a0<\/p>\n<p><span style=\"color: #3366ff;\">\u201cTvorba a \u00fa\u010das\u0165 na spolo\u010dn\u00fdch stretnutiach nie je povinnos\u0165ou, ale pr\u00eds\u013eubom pre <strong>\u010cas<\/strong>, ktor\u00fd prij\u00edmame ako dar, a ako dar si ho aj d\u00e1vame.\u201d<\/span><\/p>\n<p><span style=\"color: #3366ff;\">\u201cH\u013abka, \u0161\u00edrka aj v\u00fd\u0161ka spolo\u010dne str\u00e1ven\u00e9ho \u010dasu sa ned\u00e1 odmera\u0165 v aktu\u00e1lnom \u010dase, ale d\u00e1 sa o\u010dak\u00e1va\u0165 v d\u00f4kladnej pr\u00edprave na spolo\u010dne str\u00e1ven\u00fd <strong>\u010cAS<\/strong>.\u201d<\/span><\/p>\n\n\n<h2>Pl\u00e1n forma\u010dn\u00fdch stretnut\u00ed na rok 2026<\/strong><\/h2>\n\n\n\n<p><\/p>\n\n\n\n<p>Po kontrole a ods\u00fahlasen\u00ed term\u00ednov na\u0161ich forma\u010dn\u00fdch stretnut\u00ed si pre rok 2026 pozna\u010dte tieto d\u00e1tumy:<\/p>\n\n\n\n<p>12. &#8211; 15. febru\u00e1r (Duchovn\u00e9 cvi\u010denia obl\u00e1tov s o. Jakubom)<\/p>\n\n\n\n<p>14. marec<\/p>\n\n\n\n<p>18. apr\u00edl<\/p>\n\n\n\n<p>16. m\u00e1j<\/p>\n\n\n\n<p>6. j\u00fan (spolo\u010dn\u00e9 stretnutie s obl\u00e1tmi z Biskupova)<\/p>\n\n\n\n<p>12. september<\/p>\n\n\n\n<p>10. okt\u00f3ber<\/p>\n\n\n\n<p>14. november<\/p>\n\n\n\n<p>12. december<\/p>\n","protected":false},"excerpt":{"rendered":"<p>Pl\u00e1n forma\u010dn\u00fdch stretnut\u00ed oblat\u00fary pre rok 2026 \u2023\u00a0\u00a0\u00a0 Pravidelne\u00a0 sa budeme v roku 2026 \u00a0 stret\u00e1va\u0165, zv\u00e4\u010d\u0161a raz za mesiac. \u2023\u00a0\u00a0\u00a0 Organiz\u00e1cia d\u0148a sl\u00fa\u017ei pre poriadok a teda pokoju uprostred n\u00e1s. Program d\u0148a: 8.30\u00a0 \u00a0\u00a0\u00a0\u00a0\u00a0\u00a0\u00a0\u00a0\u00a0\u00a0\u00a0\u00a0\u00a0\u00a0\u00a0\u00a0\u00a0\u00a0 \u00a0 \u00a0 \u00a0 Ora za nepr\u00edtomn\u00fdch obl\u00e1tov a \u201cna\u0161u cestu\u201d spolo\u010denstva 9.00\u00a0 &#8211; \u00a0 12.00\u00a0\u00a0\u00a0\u00a0\u00a0\u00a0\u00a0 Spolo\u010dn\u00e9 labora 12.20 &#8211; 12.55\u00a0\u00a0\u00a0\u00a0\u00a0\u00a0\u00a0\u00a0 [&hellip;]<\/p>\n","protected":false},"author":4,"featured_media":0,"parent":0,"menu_order":0,"comment_status":"open","ping_status":"open","template":"","meta":{"footnotes":""},"class_list":["post-13","page","type-page","status-publish","hentry"],"_links":{"self":[{"href":"https:\/\/oblati.benediktini.sk\/index.php?rest_route=\/wp\/v2\/pages\/13","targetHints":{"allow":["GET"]}}],"collection":[{"href":"https:\/\/oblati.benediktini.sk\/index.php?rest_route=\/wp\/v2\/pages"}],"about":[{"href":"https:\/\/oblati.benediktini.sk\/index.php?rest_route=\/wp\/v2\/types\/page"}],"author":[{"embeddable":true,"href":"https:\/\/oblati.benediktini.sk\/index.php?rest_route=\/wp\/v2\/users\/4"}],"replies":[{"embeddable":true,"href":"https:\/\/oblati.benediktini.sk\/index.php?rest_route=%2Fwp%2Fv2%2Fcomments&post=13"}],"version-history":[{"count":52,"href":"https:\/\/oblati.benediktini.sk\/index.php?rest_route=\/wp\/v2\/pages\/13\/revisions"}],"predecessor-version":[{"id":1187,"href":"https:\/\/oblati.benediktini.sk\/index.php?rest_route=\/wp\/v2\/pages\/13\/revisions\/1187"}],"wp:attachment":[{"href":"https:\/\/oblati.benediktini.sk\/index.php?rest_route=%2Fwp%2Fv2%2Fmedia&parent=13"}],"curies":[{"name":"wp","href":"https:\/\/api.w.org\/{rel}","templated":true}]}}